{"version":"1.0","provider_name":"Flight Simulator en Espa\u00f1ol","provider_url":"https:\/\/fs-spain.com","author_name":"Ernesto Aides","author_url":"https:\/\/fs-spain.com\/author\/eaideshotmail-com\/","title":"Tour Mundial VFR - Etapa 102 | 2026 | Flight Simulator en Espa\u00f1ol","type":"rich","width":600,"height":338,"html":"<blockquote class=\"wp-embedded-content\" data-secret=\"gFBjlJp1yQ\"><a href=\"https:\/\/fs-spain.com\/tour-mundial-vfr-etapa-102\/\">Tour Mundial VFR &#8211; Etapa 102<\/a><\/blockquote><iframe sandbox=\"allow-scripts\" security=\"restricted\" src=\"https:\/\/fs-spain.com\/tour-mundial-vfr-etapa-102\/embed\/#?secret=gFBjlJp1yQ\" width=\"600\" height=\"338\" title=\"\u00abTour Mundial VFR &#8211; Etapa 102\u00bb \u2014 Flight Simulator en Espa\u00f1ol\" data-secret=\"gFBjlJp1yQ\" frameborder=\"0\" marginwidth=\"0\" marginheight=\"0\" scrolling=\"no\" class=\"wp-embedded-content\"><\/iframe><script type=\"text\/javascript\">\n\/* <![CDATA[ *\/\n\/*! This file is auto-generated *\/\n!function(d,l){\"use strict\";l.querySelector&&d.addEventListener&&\"undefined\"!=typeof URL&&(d.wp=d.wp||{},d.wp.receiveEmbedMessage||(d.wp.receiveEmbedMessage=function(e){var t=e.data;if((t||t.secret||t.message||t.value)&&!\/[^a-zA-Z0-9]\/.test(t.secret)){for(var s,r,n,a=l.querySelectorAll('iframe[data-secret=\"'+t.secret+'\"]'),o=l.querySelectorAll('blockquote[data-secret=\"'+t.secret+'\"]'),c=new RegExp(\"^https?:$\",\"i\"),i=0;i<o.length;i++)o[i].style.display=\"none\";for(i=0;i<a.length;i++)s=a[i],e.source===s.contentWindow&&(s.removeAttribute(\"style\"),\"height\"===t.message?(1e3<(r=parseInt(t.value,10))?r=1e3:~~r<200&&(r=200),s.height=r):\"link\"===t.message&&(r=new URL(s.getAttribute(\"src\")),n=new URL(t.value),c.test(n.protocol))&&n.host===r.host&&l.activeElement===s&&(d.top.location.href=t.value))}},d.addEventListener(\"message\",d.wp.receiveEmbedMessage,!1),l.addEventListener(\"DOMContentLoaded\",function(){for(var e,t,s=l.querySelectorAll(\"iframe.wp-embedded-content\"),r=0;r<s.length;r++)(t=(e=s[r]).getAttribute(\"data-secret\"))||(t=Math.random().toString(36).substring(2,12),e.src+=\"#?secret=\"+t,e.setAttribute(\"data-secret\",t)),e.contentWindow.postMessage({message:\"ready\",secret:t},\"*\")},!1)))}(window,document);\n\/\/# sourceURL=https:\/\/fs-spain.com\/wp-includes\/js\/wp-embed.min.js\n\/* ]]> *\/\n<\/script>\n","thumbnail_url":"https:\/\/fs-spain.com\/wp-content\/uploads\/2022\/11\/TMV102_LTFH.webp","thumbnail_width":1200,"thumbnail_height":764,"description":"Seguimos recorriendo la costa norte de Turqu\u00eda sobre el mar Negro, para llegar a Samsun, ciudad situada al norte de Turqu\u00eda, cuenta con una poblaci\u00f3n de 423859 habitantes\u200b (2007). Es la capital de la provincia de Samsun y un importante puerto. Samsun fue la antigua colonia griega de \u00c1miso, fundada en el siglo vii a.C. Samsun est\u00e1 situada entre dos deltas fluviales. Est\u00e1 al final de una antigua ruta que part\u00eda de Capadocia. La antigua Amisos estaba en el cabo al noroeste de la actual ciudad. Al oeste de Samsun discurre el r\u00edo K\u0131z\u0131l\u0131rmak (\"R\u00edo Rojo\"), uno de los r\u00edos m\u00e1s largos de Anatolia, con un f\u00e9rtil delta. Al este fluye el r\u00edo Ye\u015fil\u0131rmak (\"R\u00edo Verde\"), con su delta. Samsun fue la ciudad donde Mustafa Kemal inici\u00f3 la Guerra de Independencia Turca, el 19 de mayo de 1919. El 19 de mayo es una de las festividades nacionales turcas. Salida LTAS Zonguldak (Turkey) Destino LTFH CARSAMBA Alternativo LTCB Agri (Turkey) Altitud 3500 240 nm - 125 Kts - 1:55"}